{"id":7279,"date":"2017-02-17T11:43:27","date_gmt":"2017-02-17T11:43:27","guid":{"rendered":"http:\/\/www.ergicon.com\/fr\/grupo\/"},"modified":"2024-11-14T17:40:53","modified_gmt":"2024-11-14T17:40:53","slug":"grupo","status":"publish","type":"page","link":"https:\/\/www.ergicon.com\/fr\/grupo\/","title":{"rendered":"Le Groupe"},"content":{"rendered":"<p>[vc_row][vc_column][vc_empty_space height=\u00a0\u00bb0&Prime; css=\u00a0\u00bb.vc_custom_1464092997850{margin-top: -9px !important;}\u00a0\u00bb]\n<div class=\"edgtf-custom-font-holder\" style=\"font-family: Raleway;font-size: 33px;line-height: 50px;font-weight: 300;letter-spacing: 4px;text-transform: Uppercase;text-align: left;color: #313131\" data-font-size= 33 data-line-height= 50>\n\t\n\tGrupo Ergicon\n\t\t\n\t<\/div>\n<p class=\"edgtf-section-subtitle \" style=\"text-align:left\">\n\tERGICON fait partie actuellement d\u00b4un groupe d\u00b4entreprises, appartenant aux m\u00eames actionnaires de r\u00e9f\u00e9rence, comprenant:<\/p><div class=\"edgtf-separator-holder clearfix  edgtf-separator-left\">\n\t<div class=\"edgtf-separator\" style=\"border-color: #e7bd74;border-style: solid;width: 50px;border-bottom-width: 1pxpx;margin-top: 16px;margin-bottom: 50px\"><\/div>\n<\/div>\n[\/vc_column][\/vc_row][vc_row][vc_column offset=\u00a0\u00bbvc_col-lg-4 vc_col-md-12&Prime;][vc_single_image image=\u00a0\u00bb7243&Prime; img_size=\u00a0\u00bbfull\u00a0\u00bb alignment=\u00a0\u00bbcenter\u00a0\u00bb][vc_empty_space height=\u00a0\u00bb33px\u00a0\u00bb]<div class=\"edgtf-numbered-title\">\n\t<div class=\"edgtf-nt-number\" style=\"color:#e3b970;\">\n\t\t<span>\n\t\t\t\t\t<\/span>\n\t<\/div>\n\t<div class=\"edgtf-nt-title-subtitle-holder\">\n\t\t<h3 class=\"edgtf-nt-title\" >\n\t\t\tErgicon Portugal Engenharia e Constru\u00e7\u00e3o, S.A.\t\t<\/h3>\n\t<\/div>\n<\/div>[vc_empty_space height=\u00a0\u00bb25px\u00a0\u00bb][vc_column_text]<strong>Portugal<br \/>\n<\/strong>Une entreprise qui op\u00e8re au Portugal continental et \u00eeles, consacr\u00e9 \u00e0 l\u00b4activit\u00e9 de construction de b\u00e2timents et travaux publics, qui a son si\u00e8ge \u00e0 Porto e d\u00e9l\u00e9gation \u00e0 Lisbonne.<\/p>\n<p>Avec capacit\u00e9 technique et savoir-faire pour r\u00e9aliser des travaux g\u00e9n\u00e9raux du genre \u201ccl\u00e9 en main\u201d, elle est titulaire de la licence d\u00b4autorisation de construire de classe 6 (Alvar\u00e1 n.\u00ba 82782 &#8211; PUB).[\/vc_column_text][vc_empty_space height=\u00a0\u00bb40px\u00a0\u00bb][\/vc_column][vc_column offset=\u00a0\u00bbvc_col-lg-4 vc_col-md-12&Prime;][vc_single_image image=\u00a0\u00bb7243&Prime; img_size=\u00a0\u00bbfull\u00a0\u00bb alignment=\u00a0\u00bbcenter\u00a0\u00bb][vc_empty_space height=\u00a0\u00bb33px\u00a0\u00bb]<div class=\"edgtf-numbered-title\">\n\t<div class=\"edgtf-nt-number\" style=\"color:#e3b970;padding-right:3px\">\n\t\t<span>\n\t\t\t\t\t<\/span>\n\t<\/div>\n\t<div class=\"edgtf-nt-title-subtitle-holder\">\n\t\t<h3 class=\"edgtf-nt-title\" >\n\t\t\tErgicon Engenharia e Constru\u00e7\u00e3o, Lda.\t\t<\/h3>\n\t<\/div>\n<\/div>[vc_empty_space height=\u00a0\u00bb25px\u00a0\u00bb][vc_column_text]<strong>Angola<br \/>\n<\/strong>Egalement orient\u00e9e pour l\u00b4activit\u00e9 de Construction de B\u00e2timents et Travaux Publics, elle se distingue par un fort dynamisme et la capacit\u00e9 d\u00b4ex\u00e9cution dans un march\u00e9 tr\u00e8s difficile et comp\u00e9titif, s\u00b4affirmant comme un des principaux acteurs du march\u00e9 Angolais.<\/p>\n<p>Elle est pr\u00e9sente aux provinces de Luanda, Benguela, Cabinda, Namibe, Malange, Zaire, Bi\u00e9, Cunene, Huambo et Kwanza Sul.[\/vc_column_text][vc_empty_space height=\u00a0\u00bb40px\u00a0\u00bb][\/vc_column][vc_column offset=\u00a0\u00bbvc_col-lg-4 vc_col-md-12&Prime;][vc_single_image image=\u00a0\u00bb7247&Prime; img_size=\u00a0\u00bbfull\u00a0\u00bb alignment=\u00a0\u00bbcenter\u00a0\u00bb][vc_empty_space height=\u00a0\u00bb33px\u00a0\u00bb]<div class=\"edgtf-numbered-title\">\n\t<div class=\"edgtf-nt-number\" style=\"color:#e3b970;\">\n\t\t<span>\n\t\t\t\t\t<\/span>\n\t<\/div>\n\t<div class=\"edgtf-nt-title-subtitle-holder\">\n\t\t<h3 class=\"edgtf-nt-title\" >\n\t\t\tErgitrading, S.A.\t\t<\/h3>\n\t<\/div>\n<\/div>[vc_empty_space height=\u00a0\u00bb25px\u00a0\u00bb][vc_column_text]Avec son si\u00e8ge \u00e0 la Zone Franche de Mad\u00e8re, ayant d\u00e9l\u00e9gation \u00e0 Porto, ERGITRADING, S.A. na\u00eet de la n\u00e9cessit\u00e9 de soutien logistique international et fonctionne actuellement comme la plus importante plateforme logistique supportant les plusieurs entreprises du groupe.<\/p>\n<p>ERGITRADING poss\u00e8de cependant capacit\u00e9 logistique et technique pour l\u00b4 importation\/exportation pour supporter toute entreprise ext\u00e9rieure au groupe en diff\u00e9rentes r\u00e9gions du Monde.[\/vc_column_text][vc_empty_space height=\u00a0\u00bb40px\u00a0\u00bb][\/vc_column][\/vc_row][vc_row][vc_column offset=\u00a0\u00bbvc_col-lg-4 vc_col-md-12&Prime;][vc_single_image image=\u00a0\u00bb7248&Prime; img_size=\u00a0\u00bbfull\u00a0\u00bb alignment=\u00a0\u00bbcenter\u00a0\u00bb][vc_empty_space height=\u00a0\u00bb33px\u00a0\u00bb]<div class=\"edgtf-numbered-title\">\n\t<div class=\"edgtf-nt-number\" style=\"color:#e3b970;\">\n\t\t<span>\n\t\t\t\t\t<\/span>\n\t<\/div>\n\t<div class=\"edgtf-nt-title-subtitle-holder\">\n\t\t<h3 class=\"edgtf-nt-title\" >\n\t\t\tTripolar Angola, Lda.\t\t<\/h3>\n\t<\/div>\n<\/div>[vc_empty_space height=\u00a0\u00bb25px\u00a0\u00bb][vc_column_text]Tripolar Angola, electricidade e telecomunica\u00e7\u00f5es, est une entreprise qui d\u00e9veloppe des projets et proc\u00e8de \u00e0 l\u00b4 ex\u00e9cution d\u00b4installations \u00e9lectriques en toute sorte de b\u00e2timents.<\/p>\n<p>Depuis le d\u00e9but de son activit\u00e9, elle \u00e0 d\u00e9j\u00e0 fid\u00e9lis\u00e9 des clients dans les domaines les plus vari\u00e9s, r\u00e9v\u00e9lant un extraordinaire dynamisme pour r\u00e9pondre aux demandes.<\/p>\n<p>L\u00b4exp\u00e9rience acquise assure une s\u00e9lection rigoureuse des \u00e9quipements et mat\u00e9riaux recommand\u00e9s par l\u00b4 \u00e9quipe technique de Tripolar Angola.[\/vc_column_text][vc_empty_space height=\u00a0\u00bb40px\u00a0\u00bb][\/vc_column][vc_column offset=\u00a0\u00bbvc_col-lg-4 vc_col-md-12&Prime;][vc_single_image image=\u00a0\u00bb7245&Prime; img_size=\u00a0\u00bbfull\u00a0\u00bb alignment=\u00a0\u00bbcenter\u00a0\u00bb][vc_empty_space height=\u00a0\u00bb33px\u00a0\u00bb]<div class=\"edgtf-numbered-title\">\n\t<div class=\"edgtf-nt-number\" style=\"color:#e3b970;\">\n\t\t<span>\n\t\t\t\t\t<\/span>\n\t<\/div>\n\t<div class=\"edgtf-nt-title-subtitle-holder\">\n\t\t<h3 class=\"edgtf-nt-title\" >\n\t\t\tErgigreen, Lda.\t\t<\/h3>\n\t<\/div>\n<\/div>[vc_empty_space height=\u00a0\u00bb25px\u00a0\u00bb][vc_column_text]Ayant son si\u00e8ge \u00e0 Luanda, sa principale activit\u00e9 est la commercialisation de produits chimiques, comprenant l\u00b4industrie en g\u00e9n\u00e9ral, agriculture e production agricole et animale, recyclage et solutions \u00e9cologiques.[\/vc_column_text][vc_empty_space height=\u00a0\u00bb40px\u00a0\u00bb][\/vc_column][\/vc_row]<\/p>\n","protected":false},"excerpt":{"rendered":"<p>[vc_row][vc_column][vc_empty_space height=\u00a0\u00bb0&Prime; css=\u00a0\u00bb.vc_custom_1464092997850{margin-top: -9px !important;}\u00a0\u00bb][\/vc_column][\/vc_row][vc_row][vc_column offset=\u00a0\u00bbvc_col-lg-4 vc_col-md-12&Prime;][vc_single_image image=\u00a0\u00bb7243&Prime; img_size=\u00a0\u00bbfull\u00a0\u00bb alignment=\u00a0\u00bbcenter\u00a0\u00bb][vc_empty_space height=\u00a0\u00bb33px\u00a0\u00bb][vc_empty_space height=\u00a0\u00bb25px\u00a0\u00bb][vc_column_text]Portugal Une entreprise qui op\u00e8re au Portugal continental et \u00eeles, consacr\u00e9 \u00e0 l\u00b4activit\u00e9 de construction de b\u00e2timents et travaux publics, qui a son si\u00e8ge \u00e0 Porto e d\u00e9l\u00e9gation \u00e0 Lisbonne. Avec capacit\u00e9 technique et&#8230;<\/p>\n","protected":false},"author":1,"featured_media":0,"parent":0,"menu_order":0,"comment_status":"open","ping_status":"closed","template":"","meta":{"_mi_skip_tracking":false},"yoast_head":"<!-- This site is optimized with the Yoast SEO plugin v18.9 - https:\/\/yoast.com\/wordpress\/plugins\/seo\/ -->\r\n<title>Le Groupe - ERGICON<\/title>\r\n<meta name=\"robots\" content=\"index, follow, max-snippet:-1, max-image-preview:large, max-video-preview:-1\" \/>\r\n<link rel=\"canonical\" href=\"https:\/\/www.ergicon.com\/fr\/grupo\/\" \/>\r\n<meta property=\"og:locale\" content=\"fr_FR\" \/>\r\n<meta property=\"og:type\" content=\"article\" \/>\r\n<meta property=\"og:title\" content=\"Le Groupe - ERGICON\" \/>\r\n<meta property=\"og:description\" content=\"[vc_row][vc_column][vc_empty_space height=\u00a0\u00bb0&Prime; css=\u00a0\u00bb.vc_custom_1464092997850{margin-top: -9px !important;}\u00a0\u00bb][\/vc_column][\/vc_row][vc_row][vc_column offset=\u00a0\u00bbvc_col-lg-4 vc_col-md-12&Prime;][vc_single_image image=\u00a0\u00bb7243&Prime; img_size=\u00a0\u00bbfull\u00a0\u00bb alignment=\u00a0\u00bbcenter\u00a0\u00bb][vc_empty_space height=\u00a0\u00bb33px\u00a0\u00bb][vc_empty_space height=\u00a0\u00bb25px\u00a0\u00bb][vc_column_text]Portugal Une entreprise qui op\u00e8re au Portugal continental et \u00eeles, consacr\u00e9 \u00e0 l\u00b4activit\u00e9 de construction de b\u00e2timents et travaux publics, qui a son si\u00e8ge \u00e0 Porto e d\u00e9l\u00e9gation \u00e0 Lisbonne. Avec capacit\u00e9 technique et...\" \/>\r\n<meta property=\"og:url\" content=\"https:\/\/www.ergicon.com\/fr\/grupo\/\" \/>\r\n<meta property=\"og:site_name\" content=\"ERGICON\" \/>\r\n<meta property=\"article:modified_time\" content=\"2024-11-14T17:40:53+00:00\" \/>\r\n<meta name=\"twitter:card\" content=\"summary_large_image\" \/>\r\n<meta name=\"twitter:label1\" content=\"Dur\u00e9e de lecture estim\u00e9e\" \/>\n\t<meta name=\"twitter:data1\" content=\"3 minutes\" \/>\r\n<script type=\"application\/ld+json\" class=\"yoast-schema-graph\">{\"@context\":\"https:\/\/schema.org\",\"@graph\":[{\"@type\":\"WebSite\",\"@id\":\"https:\/\/www.ergicon.com\/#website\",\"url\":\"https:\/\/www.ergicon.com\/\",\"name\":\"ERGICON\",\"description\":\"Engenharia, Constru\u00e7\u00e3o e Obras P\u00fablicas\",\"potentialAction\":[{\"@type\":\"SearchAction\",\"target\":{\"@type\":\"EntryPoint\",\"urlTemplate\":\"https:\/\/www.ergicon.com\/?s={search_term_string}\"},\"query-input\":\"required name=search_term_string\"}],\"inLanguage\":\"fr-FR\"},{\"@type\":\"WebPage\",\"@id\":\"https:\/\/www.ergicon.com\/fr\/grupo\/#webpage\",\"url\":\"https:\/\/www.ergicon.com\/fr\/grupo\/\",\"name\":\"Le Groupe - ERGICON\",\"isPartOf\":{\"@id\":\"https:\/\/www.ergicon.com\/#website\"},\"datePublished\":\"2017-02-17T11:43:27+00:00\",\"dateModified\":\"2024-11-14T17:40:53+00:00\",\"breadcrumb\":{\"@id\":\"https:\/\/www.ergicon.com\/fr\/grupo\/#breadcrumb\"},\"inLanguage\":\"fr-FR\",\"potentialAction\":[{\"@type\":\"ReadAction\",\"target\":[\"https:\/\/www.ergicon.com\/fr\/grupo\/\"]}]},{\"@type\":\"BreadcrumbList\",\"@id\":\"https:\/\/www.ergicon.com\/fr\/grupo\/#breadcrumb\",\"itemListElement\":[{\"@type\":\"ListItem\",\"position\":1,\"name\":\"In\u00edcio\",\"item\":\"https:\/\/www.ergicon.com\/fr\/\"},{\"@type\":\"ListItem\",\"position\":2,\"name\":\"Le Groupe\"}]}]}<\/script>\r\n<!-- \/ Yoast SEO plugin. -->","yoast_head_json":{"title":"Le Groupe - ERGICON","robots":{"index":"index","follow":"follow","max-snippet":"max-snippet:-1","max-image-preview":"max-image-preview:large","max-video-preview":"max-video-preview:-1"},"canonical":"https:\/\/www.ergicon.com\/fr\/grupo\/","og_locale":"fr_FR","og_type":"article","og_title":"Le Groupe - ERGICON","og_description":"[vc_row][vc_column][vc_empty_space height=\u00a0\u00bb0&Prime; css=\u00a0\u00bb.vc_custom_1464092997850{margin-top: -9px !important;}\u00a0\u00bb][\/vc_column][\/vc_row][vc_row][vc_column offset=\u00a0\u00bbvc_col-lg-4 vc_col-md-12&Prime;][vc_single_image image=\u00a0\u00bb7243&Prime; img_size=\u00a0\u00bbfull\u00a0\u00bb alignment=\u00a0\u00bbcenter\u00a0\u00bb][vc_empty_space height=\u00a0\u00bb33px\u00a0\u00bb][vc_empty_space height=\u00a0\u00bb25px\u00a0\u00bb][vc_column_text]Portugal Une entreprise qui op\u00e8re au Portugal continental et \u00eeles, consacr\u00e9 \u00e0 l\u00b4activit\u00e9 de construction de b\u00e2timents et travaux publics, qui a son si\u00e8ge \u00e0 Porto e d\u00e9l\u00e9gation \u00e0 Lisbonne. Avec capacit\u00e9 technique et...","og_url":"https:\/\/www.ergicon.com\/fr\/grupo\/","og_site_name":"ERGICON","article_modified_time":"2024-11-14T17:40:53+00:00","twitter_card":"summary_large_image","twitter_misc":{"Dur\u00e9e de lecture estim\u00e9e":"3 minutes"},"schema":{"@context":"https:\/\/schema.org","@graph":[{"@type":"WebSite","@id":"https:\/\/www.ergicon.com\/#website","url":"https:\/\/www.ergicon.com\/","name":"ERGICON","description":"Engenharia, Constru\u00e7\u00e3o e Obras P\u00fablicas","potentialAction":[{"@type":"SearchAction","target":{"@type":"EntryPoint","urlTemplate":"https:\/\/www.ergicon.com\/?s={search_term_string}"},"query-input":"required name=search_term_string"}],"inLanguage":"fr-FR"},{"@type":"WebPage","@id":"https:\/\/www.ergicon.com\/fr\/grupo\/#webpage","url":"https:\/\/www.ergicon.com\/fr\/grupo\/","name":"Le Groupe - ERGICON","isPartOf":{"@id":"https:\/\/www.ergicon.com\/#website"},"datePublished":"2017-02-17T11:43:27+00:00","dateModified":"2024-11-14T17:40:53+00:00","breadcrumb":{"@id":"https:\/\/www.ergicon.com\/fr\/grupo\/#breadcrumb"},"inLanguage":"fr-FR","potentialAction":[{"@type":"ReadAction","target":["https:\/\/www.ergicon.com\/fr\/grupo\/"]}]},{"@type":"BreadcrumbList","@id":"https:\/\/www.ergicon.com\/fr\/grupo\/#breadcrumb","itemListElement":[{"@type":"ListItem","position":1,"name":"In\u00edcio","item":"https:\/\/www.ergicon.com\/fr\/"},{"@type":"ListItem","position":2,"name":"Le Groupe"}]}]}},"_links":{"self":[{"href":"https:\/\/www.ergicon.com\/fr\/wp-json\/wp\/v2\/pages\/7279"}],"collection":[{"href":"https:\/\/www.ergicon.com\/fr\/wp-json\/wp\/v2\/pages"}],"about":[{"href":"https:\/\/www.ergicon.com\/fr\/wp-json\/wp\/v2\/types\/page"}],"author":[{"embeddable":true,"href":"https:\/\/www.ergicon.com\/fr\/wp-json\/wp\/v2\/users\/1"}],"replies":[{"embeddable":true,"href":"https:\/\/www.ergicon.com\/fr\/wp-json\/wp\/v2\/comments?post=7279"}],"version-history":[{"count":5,"href":"https:\/\/www.ergicon.com\/fr\/wp-json\/wp\/v2\/pages\/7279\/revisions"}],"predecessor-version":[{"id":9375,"href":"https:\/\/www.ergicon.com\/fr\/wp-json\/wp\/v2\/pages\/7279\/revisions\/9375"}],"wp:attachment":[{"href":"https:\/\/www.ergicon.com\/fr\/wp-json\/wp\/v2\/media?parent=7279"}],"curies":[{"name":"wp","href":"https:\/\/api.w.org\/{rel}","templated":true}]}}