{"id":7272,"date":"2016-05-25T12:12:45","date_gmt":"2016-05-25T12:12:45","guid":{"rendered":"http:\/\/www.ergicon.com\/es\/building-home\/"},"modified":"2017-03-17T17:14:41","modified_gmt":"2017-03-17T17:14:41","slug":"building-home","status":"publish","type":"page","link":"https:\/\/www.ergicon.com\/es\/","title":{"rendered":"Homepage"},"content":{"rendered":"<p>[vc_row][vc_column][rev_slider_vc alias=\u00bbbuilding-es\u00bb][\/vc_column][\/vc_row][vc_row content_width=\u00bbgrid\u00bb css=\u00bb.vc_custom_1481568177668{padding-bottom: 60px !important;}\u00bb][vc_column css=\u00bb.vc_custom_1481459034052{padding-top: 97px !important;}\u00bb][vc_row_inner][vc_column_inner width=\u00bb1\/2&#8243;][vc_column_text]<\/p>\n<h2 style=\"text-align: left;\">Qui\u00e9nes Somos<\/h2>\n<p>[\/vc_column_text][vc_empty_space height=\u00bb15px\u00bb]<div class=\"edgtf-separator-holder clearfix  edgtf-separator-left\">\n\t<div class=\"edgtf-separator\" style=\"border-color: #e7bd74;border-style: solid;width: 50px;border-bottom-width: 1px;margin-top: 16px;margin-bottom: 16px\"><\/div>\n<\/div>\n[vc_column_text]ERGICON surge como resultado de una reestructuraci\u00f3n accionarial de su predecesor ACTICON &#8211; Engenharia e Constru\u00e7\u00e3o, que hab\u00eda empezado su actividad en 2010.<\/p>\n<p>Igualmente con vocaci\u00f3n para la Enge\u00f1ar\u00eda, Construcci\u00f3n y Obras P\u00fablicas, ERGICON surge de la voluntad y de la persistencia de su fundador teniendo como finalidad dar continuidad al proyecto iniciado cinco a\u00f1os antes, beneficiando de la experiencia positiva y muy enriquecedora en el mercado Angole\u00f1o en los \u00faltimos anos. ERGICON cimenta su fuerte capacidad de realizaci\u00f3n en el esp\u00edritu emprendedor e innovador de su fundador, incrementada por la solidez de su equipo de gesti\u00f3n habilitada con experiencia y conocimiento de dos d\u00e9cadas en el sector de la construcci\u00f3n en Portugal y Angola.[\/vc_column_text][vc_empty_space height=\u00bb15px\u00bb][vc_single_image image=\u00bb7823&#8243; img_size=\u00bbfull\u00bb onclick=\u00bbcustom_link\u00bb link=\u00bb\/es\/quem-somos\/\u00bb][\/vc_column_inner][vc_column_inner width=\u00bb1\/2&#8243;][vc_single_image image=\u00bb7239&#8243; img_size=\u00bbfull\u00bb][\/vc_column_inner][\/vc_row_inner][\/vc_column][\/vc_row][vc_row][vc_column]<div class = \"edgtf-portfolio-list-holder-outer edgtf-ptf-masonry edgtf-hover-bordered\" data-next-page=\"2\" data-type=\"masonry\" data-columns=\"3\" data-grid-size=\"three\" data-order-by=\"menu_order\" data-order=\"ASC\" data-number=\"8\" data-image-size=\"full\" data-filter=\"no\" data-filter-order-by=\"name\" data-show-load-more=\"no\" data-title-tag=\"h4\" data-max-num-pages = 6><div class = \"edgtf-portfolio-list-holder clearfix\" ><div class=\"edgtf-portfolio-list-masonry-grid-sizer\"><\/div><div class=\"edgtf-portfolio-list-masonry-grid-gutter\"><\/div><article class=\"edgtf-portfolio-item edgtf-default-masonry-item portfolio_category_336\">\n\t<a class=\"edgtf-portfolio-link\" href=\"https:\/\/www.ergicon.com\/es\/portfolio-item\/centros-de-comutacao\/\"><\/a>\n\t<div class=\"edgtf-item-image-holder\">\n\t<img width=\"550\" height=\"550\" src=\"https:\/\/www.ergicon.com\/wp-content\/uploads\/2017\/02\/centros-1-550x550.jpg\" class=\"attachment-ratio_edge_square size-ratio_edge_square wp-post-image\" alt=\"\" loading=\"lazy\" srcset=\"https:\/\/www.ergicon.com\/wp-content\/uploads\/2017\/02\/centros-1-550x550.jpg 550w, https:\/\/www.ergicon.com\/wp-content\/uploads\/2017\/02\/centros-1-150x150.jpg 150w\" sizes=\"(max-width: 550px) 100vw, 550px\" \/>\t\t\t\t\n\t<\/div>\n\t<div class=\"edgtf-item-text-overlay\">\n\t\t<div class=\"edgtf-item-text-overlay-inner\">\n\t\t\t<div class=\"edgtf-item-text-holder\">\n\t\t\t\t<div class=\"edgtf-item-text-holder-inner\">\n\t\t\t\t\t<h4 class=\"edgtf-item-title\">\n\t\t\t\t\t\tCentros de Comuta\u00e7\u00e3o\t\t\t\t\t<\/h4>\n\t\t\t\t\t<span class=\"edgtf-ptf-line\"><\/span>\n\t\t\t\t\t<h6 class=\"edgtf-ptf-category-holder\"><span>EDIF\u00cdCIOS TECNOL\u00d3GICOS<\/span><\/h6>\t\t\t\t<\/div>\n\t\t\t<\/div>\n\t\t<\/div>\t\n\t\t\t\t\t<span class=\"edgtf-hover-border\">\n\t\t\t\t<span class=\"edgtf-line-1\"><\/span>\n\t\t\t\t<span class=\"edgtf-line-2\"><\/span>\n\t\t\t\t<span class=\"edgtf-line-3\"><\/span>\n\t\t\t\t<span class=\"edgtf-line-4\"><\/span>\n\t\t\t<\/span>\n\t\t\t<\/div>\n<\/article>\n<article class=\"edgtf-portfolio-item edgtf-default-masonry-item portfolio_category_336\">\n\t<a class=\"edgtf-portfolio-link\" href=\"https:\/\/www.ergicon.com\/es\/portfolio-item\/salas-de-supervisao\/\"><\/a>\n\t<div class=\"edgtf-item-image-holder\">\n\t<img width=\"550\" height=\"550\" src=\"https:\/\/www.ergicon.com\/wp-content\/uploads\/2017\/02\/unitel-550x550.jpg\" class=\"attachment-ratio_edge_square size-ratio_edge_square wp-post-image\" alt=\"\" loading=\"lazy\" srcset=\"https:\/\/www.ergicon.com\/wp-content\/uploads\/2017\/02\/unitel-550x550.jpg 550w, https:\/\/www.ergicon.com\/wp-content\/uploads\/2017\/02\/unitel-150x150.jpg 150w\" sizes=\"(max-width: 550px) 100vw, 550px\" \/>\t\t\t\t\n\t<\/div>\n\t<div class=\"edgtf-item-text-overlay\">\n\t\t<div class=\"edgtf-item-text-overlay-inner\">\n\t\t\t<div class=\"edgtf-item-text-holder\">\n\t\t\t\t<div class=\"edgtf-item-text-holder-inner\">\n\t\t\t\t\t<h4 class=\"edgtf-item-title\">\n\t\t\t\t\t\tSalas de Supervis\u00e3o\t\t\t\t\t<\/h4>\n\t\t\t\t\t<span class=\"edgtf-ptf-line\"><\/span>\n\t\t\t\t\t<h6 class=\"edgtf-ptf-category-holder\"><span>EDIF\u00cdCIOS TECNOL\u00d3GICOS<\/span><\/h6>\t\t\t\t<\/div>\n\t\t\t<\/div>\n\t\t<\/div>\t\n\t\t\t\t\t<span class=\"edgtf-hover-border\">\n\t\t\t\t<span class=\"edgtf-line-1\"><\/span>\n\t\t\t\t<span class=\"edgtf-line-2\"><\/span>\n\t\t\t\t<span class=\"edgtf-line-3\"><\/span>\n\t\t\t\t<span class=\"edgtf-line-4\"><\/span>\n\t\t\t<\/span>\n\t\t\t<\/div>\n<\/article>\n<article class=\"edgtf-portfolio-item edgtf-default-masonry-item portfolio_category_336\">\n\t<a class=\"edgtf-portfolio-link\" href=\"https:\/\/www.ergicon.com\/es\/portfolio-item\/data-centers\/\"><\/a>\n\t<div class=\"edgtf-item-image-holder\">\n\t<img width=\"550\" height=\"550\" src=\"https:\/\/www.ergicon.com\/wp-content\/uploads\/2017\/02\/Datacenters-1-550x550.jpg\" class=\"attachment-ratio_edge_square size-ratio_edge_square wp-post-image\" alt=\"\" loading=\"lazy\" srcset=\"https:\/\/www.ergicon.com\/wp-content\/uploads\/2017\/02\/Datacenters-1-550x550.jpg 550w, https:\/\/www.ergicon.com\/wp-content\/uploads\/2017\/02\/Datacenters-1-150x150.jpg 150w\" sizes=\"(max-width: 550px) 100vw, 550px\" \/>\t\t\t\t\n\t<\/div>\n\t<div class=\"edgtf-item-text-overlay\">\n\t\t<div class=\"edgtf-item-text-overlay-inner\">\n\t\t\t<div class=\"edgtf-item-text-holder\">\n\t\t\t\t<div class=\"edgtf-item-text-holder-inner\">\n\t\t\t\t\t<h4 class=\"edgtf-item-title\">\n\t\t\t\t\t\tDatacenters\t\t\t\t\t<\/h4>\n\t\t\t\t\t<span class=\"edgtf-ptf-line\"><\/span>\n\t\t\t\t\t<h6 class=\"edgtf-ptf-category-holder\"><span>EDIF\u00cdCIOS TECNOL\u00d3GICOS<\/span><\/h6>\t\t\t\t<\/div>\n\t\t\t<\/div>\n\t\t<\/div>\t\n\t\t\t\t\t<span class=\"edgtf-hover-border\">\n\t\t\t\t<span class=\"edgtf-line-1\"><\/span>\n\t\t\t\t<span class=\"edgtf-line-2\"><\/span>\n\t\t\t\t<span class=\"edgtf-line-3\"><\/span>\n\t\t\t\t<span class=\"edgtf-line-4\"><\/span>\n\t\t\t<\/span>\n\t\t\t<\/div>\n<\/article>\n<article class=\"edgtf-portfolio-item edgtf-default-masonry-item portfolio_category_335\">\n\t<a class=\"edgtf-portfolio-link\" href=\"https:\/\/www.ergicon.com\/es\/portfolio-item\/parque-de-estacionamento-e-estacao-de-lavagem-automatica-de-viaturas\/\"><\/a>\n\t<div class=\"edgtf-item-image-holder\">\n\t<img width=\"550\" height=\"550\" src=\"https:\/\/www.ergicon.com\/wp-content\/uploads\/2017\/02\/Parque-de-estacionamento-e-estacao-de-lavagem-automatica-de-viaturas-1-550x550.jpg\" class=\"attachment-ratio_edge_square size-ratio_edge_square wp-post-image\" alt=\"\" loading=\"lazy\" srcset=\"https:\/\/www.ergicon.com\/wp-content\/uploads\/2017\/02\/Parque-de-estacionamento-e-estacao-de-lavagem-automatica-de-viaturas-1-550x550.jpg 550w, https:\/\/www.ergicon.com\/wp-content\/uploads\/2017\/02\/Parque-de-estacionamento-e-estacao-de-lavagem-automatica-de-viaturas-1-150x150.jpg 150w, https:\/\/www.ergicon.com\/wp-content\/uploads\/2017\/02\/Parque-de-estacionamento-e-estacao-de-lavagem-automatica-de-viaturas-1-1000x1000.jpg 1000w\" sizes=\"(max-width: 550px) 100vw, 550px\" \/>\t\t\t\t\n\t<\/div>\n\t<div class=\"edgtf-item-text-overlay\">\n\t\t<div class=\"edgtf-item-text-overlay-inner\">\n\t\t\t<div class=\"edgtf-item-text-holder\">\n\t\t\t\t<div class=\"edgtf-item-text-holder-inner\">\n\t\t\t\t\t<h4 class=\"edgtf-item-title\">\n\t\t\t\t\t\tParque autolavagem Maianga\t\t\t\t\t<\/h4>\n\t\t\t\t\t<span class=\"edgtf-ptf-line\"><\/span>\n\t\t\t\t\t<h6 class=\"edgtf-ptf-category-holder\"><span>INFRAESTRUCTURAS \/ CALLES \/ AMBIENTE \/ PAISAJISMO<\/span><\/h6>\t\t\t\t<\/div>\n\t\t\t<\/div>\n\t\t<\/div>\t\n\t\t\t\t\t<span class=\"edgtf-hover-border\">\n\t\t\t\t<span class=\"edgtf-line-1\"><\/span>\n\t\t\t\t<span class=\"edgtf-line-2\"><\/span>\n\t\t\t\t<span class=\"edgtf-line-3\"><\/span>\n\t\t\t\t<span class=\"edgtf-line-4\"><\/span>\n\t\t\t<\/span>\n\t\t\t<\/div>\n<\/article>\n<article class=\"edgtf-portfolio-item edgtf-default-masonry-item portfolio_category_335\">\n\t<a class=\"edgtf-portfolio-link\" href=\"https:\/\/www.ergicon.com\/es\/portfolio-item\/arranjos-exteriores-e-paisagismo\/\"><\/a>\n\t<div class=\"edgtf-item-image-holder\">\n\t<img width=\"550\" height=\"550\" src=\"https:\/\/www.ergicon.com\/wp-content\/uploads\/2017\/02\/Arranjos-Exteriores-e-Paisagismo-Condominio-Habitacional-1-550x550.jpg\" class=\"attachment-ratio_edge_square size-ratio_edge_square wp-post-image\" alt=\"\" loading=\"lazy\" srcset=\"https:\/\/www.ergicon.com\/wp-content\/uploads\/2017\/02\/Arranjos-Exteriores-e-Paisagismo-Condominio-Habitacional-1-550x550.jpg 550w, https:\/\/www.ergicon.com\/wp-content\/uploads\/2017\/02\/Arranjos-Exteriores-e-Paisagismo-Condominio-Habitacional-1-150x150.jpg 150w, https:\/\/www.ergicon.com\/wp-content\/uploads\/2017\/02\/Arranjos-Exteriores-e-Paisagismo-Condominio-Habitacional-1-1000x1000.jpg 1000w\" sizes=\"(max-width: 550px) 100vw, 550px\" \/>\t\t\t\t\n\t<\/div>\n\t<div class=\"edgtf-item-text-overlay\">\n\t\t<div class=\"edgtf-item-text-overlay-inner\">\n\t\t\t<div class=\"edgtf-item-text-holder\">\n\t\t\t\t<div class=\"edgtf-item-text-holder-inner\">\n\t\t\t\t\t<h4 class=\"edgtf-item-title\">\n\t\t\t\t\t\tArranjos Exteriores e Paisagismo\t\t\t\t\t<\/h4>\n\t\t\t\t\t<span class=\"edgtf-ptf-line\"><\/span>\n\t\t\t\t\t<h6 class=\"edgtf-ptf-category-holder\"><span>INFRAESTRUCTURAS \/ CALLES \/ AMBIENTE \/ PAISAJISMO<\/span><\/h6>\t\t\t\t<\/div>\n\t\t\t<\/div>\n\t\t<\/div>\t\n\t\t\t\t\t<span class=\"edgtf-hover-border\">\n\t\t\t\t<span class=\"edgtf-line-1\"><\/span>\n\t\t\t\t<span class=\"edgtf-line-2\"><\/span>\n\t\t\t\t<span class=\"edgtf-line-3\"><\/span>\n\t\t\t\t<span class=\"edgtf-line-4\"><\/span>\n\t\t\t<\/span>\n\t\t\t<\/div>\n<\/article>\n<article class=\"edgtf-portfolio-item edgtf-default-masonry-item \">\n\t<a class=\"edgtf-portfolio-link\" href=\"https:\/\/www.ergicon.com\/es\/portfolio-item\/via-de-acesso-unitel-filda\/\"><\/a>\n\t<div class=\"edgtf-item-image-holder\">\n\t<img width=\"550\" height=\"550\" src=\"https:\/\/www.ergicon.com\/wp-content\/uploads\/2017\/02\/Via-de-acesso-Unitel-Filda-1-550x550.jpg\" class=\"attachment-ratio_edge_square size-ratio_edge_square wp-post-image\" alt=\"\" loading=\"lazy\" srcset=\"https:\/\/www.ergicon.com\/wp-content\/uploads\/2017\/02\/Via-de-acesso-Unitel-Filda-1-550x550.jpg 550w, https:\/\/www.ergicon.com\/wp-content\/uploads\/2017\/02\/Via-de-acesso-Unitel-Filda-1-150x150.jpg 150w, https:\/\/www.ergicon.com\/wp-content\/uploads\/2017\/02\/Via-de-acesso-Unitel-Filda-1-1000x1000.jpg 1000w\" sizes=\"(max-width: 550px) 100vw, 550px\" \/>\t\t\t\t\n\t<\/div>\n\t<div class=\"edgtf-item-text-overlay\">\n\t\t<div class=\"edgtf-item-text-overlay-inner\">\n\t\t\t<div class=\"edgtf-item-text-holder\">\n\t\t\t\t<div class=\"edgtf-item-text-holder-inner\">\n\t\t\t\t\t<h4 class=\"edgtf-item-title\">\n\t\t\t\t\t\tRamal de acceso Unitel Filda\t\t\t\t\t<\/h4>\n\t\t\t\t\t<span class=\"edgtf-ptf-line\"><\/span>\n\t\t\t\t\t<h6 class=\"edgtf-ptf-category-holder\"><\/h6>\t\t\t\t<\/div>\n\t\t\t<\/div>\n\t\t<\/div>\t\n\t\t\t\t\t<span class=\"edgtf-hover-border\">\n\t\t\t\t<span class=\"edgtf-line-1\"><\/span>\n\t\t\t\t<span class=\"edgtf-line-2\"><\/span>\n\t\t\t\t<span class=\"edgtf-line-3\"><\/span>\n\t\t\t\t<span class=\"edgtf-line-4\"><\/span>\n\t\t\t<\/span>\n\t\t\t<\/div>\n<\/article>\n<article class=\"edgtf-portfolio-item edgtf-default-masonry-item portfolio_category_330\">\n\t<a class=\"edgtf-portfolio-link\" href=\"https:\/\/www.ergicon.com\/es\/portfolio-item\/reabilitacao-da-igreja-nossa-senhora-do-mundo\/\"><\/a>\n\t<div class=\"edgtf-item-image-holder\">\n\t<img width=\"550\" height=\"550\" src=\"https:\/\/www.ergicon.com\/wp-content\/uploads\/2017\/02\/Reabilitacao-da-Igreja-Nossa-Senhora-do-Mundo-7-550x550.jpg\" class=\"attachment-ratio_edge_square size-ratio_edge_square wp-post-image\" alt=\"\" loading=\"lazy\" srcset=\"https:\/\/www.ergicon.com\/wp-content\/uploads\/2017\/02\/Reabilitacao-da-Igreja-Nossa-Senhora-do-Mundo-7-550x550.jpg 550w, https:\/\/www.ergicon.com\/wp-content\/uploads\/2017\/02\/Reabilitacao-da-Igreja-Nossa-Senhora-do-Mundo-7-150x150.jpg 150w\" sizes=\"(max-width: 550px) 100vw, 550px\" \/>\t\t\t\t\n\t<\/div>\n\t<div class=\"edgtf-item-text-overlay\">\n\t\t<div class=\"edgtf-item-text-overlay-inner\">\n\t\t\t<div class=\"edgtf-item-text-holder\">\n\t\t\t\t<div class=\"edgtf-item-text-holder-inner\">\n\t\t\t\t\t<h4 class=\"edgtf-item-title\">\n\t\t\t\t\t\tReabilita\u00e7\u00e3o da Igreja Nossa Senhora do Mundo\t\t\t\t\t<\/h4>\n\t\t\t\t\t<span class=\"edgtf-ptf-line\"><\/span>\n\t\t\t\t\t<h6 class=\"edgtf-ptf-category-holder\"><span>REHABILITACI\u00d3N Y REFUERZOS ESTRUCTURALES<\/span><\/h6>\t\t\t\t<\/div>\n\t\t\t<\/div>\n\t\t<\/div>\t\n\t\t\t\t\t<span class=\"edgtf-hover-border\">\n\t\t\t\t<span class=\"edgtf-line-1\"><\/span>\n\t\t\t\t<span class=\"edgtf-line-2\"><\/span>\n\t\t\t\t<span class=\"edgtf-line-3\"><\/span>\n\t\t\t\t<span class=\"edgtf-line-4\"><\/span>\n\t\t\t<\/span>\n\t\t\t<\/div>\n<\/article>\n<article class=\"edgtf-portfolio-item edgtf-default-masonry-item portfolio_category_330\">\n\t<a class=\"edgtf-portfolio-link\" href=\"https:\/\/www.ergicon.com\/es\/portfolio-item\/reabilitacao-estrutural-da-torre-n-o1-do-edificio-solida-plaza\/\"><\/a>\n\t<div class=\"edgtf-item-image-holder\">\n\t<img width=\"550\" height=\"550\" src=\"https:\/\/www.ergicon.com\/wp-content\/uploads\/2017\/02\/Reabilitacao-Estrutural-da-Torre-N1-do-Edificio-Solida-Plaza-1-550x550.jpg\" class=\"attachment-ratio_edge_square size-ratio_edge_square wp-post-image\" alt=\"\" loading=\"lazy\" srcset=\"https:\/\/www.ergicon.com\/wp-content\/uploads\/2017\/02\/Reabilitacao-Estrutural-da-Torre-N1-do-Edificio-Solida-Plaza-1-550x550.jpg 550w, https:\/\/www.ergicon.com\/wp-content\/uploads\/2017\/02\/Reabilitacao-Estrutural-da-Torre-N1-do-Edificio-Solida-Plaza-1-150x150.jpg 150w, https:\/\/www.ergicon.com\/wp-content\/uploads\/2017\/02\/Reabilitacao-Estrutural-da-Torre-N1-do-Edificio-Solida-Plaza-1-1000x1000.jpg 1000w\" sizes=\"(max-width: 550px) 100vw, 550px\" \/>\t\t\t\t\n\t<\/div>\n\t<div class=\"edgtf-item-text-overlay\">\n\t\t<div class=\"edgtf-item-text-overlay-inner\">\n\t\t\t<div class=\"edgtf-item-text-holder\">\n\t\t\t\t<div class=\"edgtf-item-text-holder-inner\">\n\t\t\t\t\t<h4 class=\"edgtf-item-title\">\n\t\t\t\t\t\tReabilita\u00e7\u00e3o Estrutural da Torre N.\u00ba1 do Edif\u00edcio S\u00f3lida Plaza\t\t\t\t\t<\/h4>\n\t\t\t\t\t<span class=\"edgtf-ptf-line\"><\/span>\n\t\t\t\t\t<h6 class=\"edgtf-ptf-category-holder\"><span>REHABILITACI\u00d3N Y REFUERZOS ESTRUCTURALES<\/span><\/h6>\t\t\t\t<\/div>\n\t\t\t<\/div>\n\t\t<\/div>\t\n\t\t\t\t\t<span class=\"edgtf-hover-border\">\n\t\t\t\t<span class=\"edgtf-line-1\"><\/span>\n\t\t\t\t<span class=\"edgtf-line-2\"><\/span>\n\t\t\t\t<span class=\"edgtf-line-3\"><\/span>\n\t\t\t\t<span class=\"edgtf-line-4\"><\/span>\n\t\t\t<\/span>\n\t\t\t<\/div>\n<\/article>\n<\/div><\/div>[\/vc_column][\/vc_row][vc_row content_width=\u00bbgrid\u00bb content_aligment=\u00bbcenter\u00bb css=\u00bb.vc_custom_1464182632421{padding-top: 97px !important;padding-bottom: 69px !important;}\u00bb][vc_column][vc_column_text]<\/p>\n<h2>SOBRE ERGICON<\/h2>\n<p>[\/vc_column_text][vc_empty_space height=\u00bb15px\u00bb]\n<p class=\"edgtf-section-subtitle vc_custom_1489440775017\" style=\"text-align:center\">\n\tUna empresa volcada para la Ingenier\u00eda, Construcci\u00f3n y Obras P\u00fablicas, que nace de la voluntad y persistencia de su fundador.<\/p><div class=\"edgtf-separator-holder clearfix  edgtf-separator-center\">\n\t<div class=\"edgtf-separator\" style=\"border-color: #e7bd74;border-style: solid;width: 50px;border-bottom-width: 1px;margin-top: 16px;margin-bottom: 16px\"><\/div>\n<\/div>\n[\/vc_column][\/vc_row][vc_row content_width=\u00bbgrid\u00bb css=\u00bb.vc_custom_1464182687373{padding-bottom: 62px !important;}\u00bb][vc_column offset=\u00bbvc_col-lg-4 vc_col-md-12&#8243;]<div class=\"edgtf-iwt clearfix edgtf-iwt-icon-left edgtf-iwt-icon-tiny\">\n    <div class=\"edgtf-iwt-icon-holder\">\n                    <img width=\"43\" height=\"49\" src=\"https:\/\/www.ergicon.com\/wp-content\/uploads\/2016\/05\/Ergicon_HP_13.jpg\" class=\"attachment-full size-full\" alt=\"\" loading=\"lazy\" \/>            <\/div>\n    <div class=\"edgtf-iwt-content-holder\" style=\"padding-left: 50px\">\n        <div class=\"edgtf-iwt-title-holder\">\n            <h4 style=\"color: #313131\">Habitaciones Y Servicios<\/h4>\n        <\/div>\n        <div class=\"edgtf-iwt-text-holder\">\n            <p >Complejos Residenciales, Edificios Multifuncionales y Oficinas, Centros Comerciales, Agencias Bancarias, Tiendas, Centros de Exposiciones.<\/p>\n\n                    <\/div>\n    <\/div>\n<\/div>[vc_empty_space height=\u00bb40px\u00bb]<div class=\"edgtf-iwt clearfix edgtf-iwt-icon-left edgtf-iwt-icon-tiny\">\n    <div class=\"edgtf-iwt-icon-holder\">\n                    <img width=\"43\" height=\"49\" src=\"https:\/\/www.ergicon.com\/wp-content\/uploads\/2016\/05\/Ergicon_HP_23.jpg\" class=\"attachment-full size-full\" alt=\"\" loading=\"lazy\" \/>            <\/div>\n    <div class=\"edgtf-iwt-content-holder\" style=\"padding-left: 50px\">\n        <div class=\"edgtf-iwt-title-holder\">\n            <h4 style=\"color: #313131\">Turismo Y Ocio<\/h4>\n        <\/div>\n        <div class=\"edgtf-iwt-text-holder\">\n            <p >Hoteles, Restaurantes, Centros Recreativos, Gimnasios, Centros Deportivos.<\/p>\n\n                    <\/div>\n    <\/div>\n<\/div>[vc_empty_space height=\u00bb40px\u00bb]<div class=\"edgtf-iwt clearfix edgtf-iwt-icon-left edgtf-iwt-icon-tiny\">\n    <div class=\"edgtf-iwt-icon-holder\">\n                    <img width=\"43\" height=\"49\" src=\"https:\/\/www.ergicon.com\/wp-content\/uploads\/2016\/05\/Ergicon_HP_29.jpg\" class=\"attachment-full size-full\" alt=\"\" loading=\"lazy\" \/>            <\/div>\n    <div class=\"edgtf-iwt-content-holder\" style=\"padding-left: 50px\">\n        <div class=\"edgtf-iwt-title-holder\">\n            <h4 style=\"color: #313131\">Edificios tecnol\u00f3gicos<\/h4>\n        <\/div>\n        <div class=\"edgtf-iwt-text-holder\">\n            <p >Centros de Conmutaci\u00f3n, Centros de Procesamiento de Dados, Centrales de Control y Supervisi\u00f3n.<\/p>\n\n                    <\/div>\n    <\/div>\n<\/div>[vc_empty_space height=\u00bb40px\u00bb][\/vc_column][vc_column offset=\u00bbvc_col-lg-4 vc_col-md-12&#8243;]<div class=\"edgtf-iwt clearfix edgtf-iwt-icon-left edgtf-iwt-icon-tiny\">\n    <div class=\"edgtf-iwt-icon-holder\">\n                    <img width=\"43\" height=\"49\" src=\"https:\/\/www.ergicon.com\/wp-content\/uploads\/2016\/05\/Ergicon_HP_16.jpg\" class=\"attachment-full size-full\" alt=\"\" loading=\"lazy\" \/>            <\/div>\n    <div class=\"edgtf-iwt-content-holder\" style=\"padding-left: 50px\">\n        <div class=\"edgtf-iwt-title-holder\">\n            <h4 style=\"color: #313131\">Cimentaciones Especiales \/ Contenciones \/ Geotecnia<\/h4>\n        <\/div>\n        <div class=\"edgtf-iwt-text-holder\">\n            <p >Estudios y Prospecci\u00f3n Geot\u00e9cnicos, Contenciones, Muros de Contenci\u00f3n, Estabilizaci\u00f3n de Taludes, Cimentaciones Especiales, Gunitados, Pilotajes.<\/p>\n\n                    <\/div>\n    <\/div>\n<\/div>[vc_empty_space height=\u00bb40px\u00bb]<div class=\"edgtf-iwt clearfix edgtf-iwt-icon-left edgtf-iwt-icon-tiny\">\n    <div class=\"edgtf-iwt-icon-holder\">\n                    <img width=\"43\" height=\"49\" src=\"https:\/\/www.ergicon.com\/wp-content\/uploads\/2016\/05\/Ergicon_HP_22.jpg\" class=\"attachment-full size-full\" alt=\"\" loading=\"lazy\" \/>            <\/div>\n    <div class=\"edgtf-iwt-content-holder\" style=\"padding-left: 50px\">\n        <div class=\"edgtf-iwt-title-holder\">\n            <h4 style=\"color: #313131\">Industria<\/h4>\n        <\/div>\n        <div class=\"edgtf-iwt-text-holder\">\n            <p >Complejos y Unidades Industriales, Centros Log\u00edsticos y de Distribuci\u00f3n, Almacenes y Naves Industriales, Talleres, Lavander\u00edas Industriales, Centros de Inspecci\u00f3n y de Mantenimiento, Centros de Producci\u00f3n de Energ\u00eda.<\/p>\n\n                    <\/div>\n    <\/div>\n<\/div>[vc_empty_space height=\u00bb40px\u00bb]<div class=\"edgtf-iwt clearfix edgtf-iwt-icon-left edgtf-iwt-icon-tiny\">\n    <div class=\"edgtf-iwt-icon-holder\">\n                    <img width=\"43\" height=\"49\" src=\"https:\/\/www.ergicon.com\/wp-content\/uploads\/2016\/05\/Ergicon_HP_32.jpg\" class=\"attachment-full size-full\" alt=\"\" loading=\"lazy\" \/>            <\/div>\n    <div class=\"edgtf-iwt-content-holder\" style=\"padding-left: 50px\">\n        <div class=\"edgtf-iwt-title-holder\">\n            <h4 style=\"color: #313131\">Infraestructuras \/ Calles \/ Ambiente \/ Paisajismo<\/h4>\n        <\/div>\n        <div class=\"edgtf-iwt-text-holder\">\n            <p >Aparcamientos, Carreteras y Paisajismo, Arreglos Urban\u00edsticos, Plazas \/ Jardines, Redes de Alcantrillado, Redes de Distribuci\u00f3n de Electricidad, ETA y ETAR de Parques E\u00f3licos, entre otros.<\/p>\n\n                    <\/div>\n    <\/div>\n<\/div>[vc_empty_space height=\u00bb40px\u00bb][\/vc_column][vc_column offset=\u00bbvc_col-lg-4 vc_col-md-12&#8243;]<div class=\"edgtf-iwt clearfix edgtf-iwt-icon-left edgtf-iwt-icon-tiny\">\n    <div class=\"edgtf-iwt-icon-holder\">\n                    <img width=\"43\" height=\"49\" src=\"https:\/\/www.ergicon.com\/wp-content\/uploads\/2016\/05\/Ergicon_HP_11.jpg\" class=\"attachment-full size-full\" alt=\"\" loading=\"lazy\" \/>            <\/div>\n    <div class=\"edgtf-iwt-content-holder\" style=\"padding-left: 50px\">\n        <div class=\"edgtf-iwt-title-holder\">\n            <h4 style=\"color: #313131\">Salud<\/h4>\n        <\/div>\n        <div class=\"edgtf-iwt-text-holder\">\n            <p >Hospitales, Cl\u00ednicas, Centros de Salud, Laboratorios Farmac\u00e9uticos, Plantas de Incineraci\u00f3n.<\/p>\n\n                    <\/div>\n    <\/div>\n<\/div>[vc_empty_space height=\u00bb40px\u00bb]<div class=\"edgtf-iwt clearfix edgtf-iwt-icon-left edgtf-iwt-icon-tiny\">\n    <div class=\"edgtf-iwt-icon-holder\">\n                    <img width=\"43\" height=\"49\" src=\"https:\/\/www.ergicon.com\/wp-content\/uploads\/2016\/05\/Ergicon_HP_26.jpg\" class=\"attachment-full size-full\" alt=\"\" loading=\"lazy\" \/>            <\/div>\n    <div class=\"edgtf-iwt-content-holder\" style=\"padding-left: 50px\">\n        <div class=\"edgtf-iwt-title-holder\">\n            <h4 style=\"color: #313131\">Educaci\u00f3n \/ Cultura<\/h4>\n        <\/div>\n        <div class=\"edgtf-iwt-text-holder\">\n            <p >Edificios Escolares, Universidades, Institutos, Guarder\u00edas, Centros de Formaci\u00f3n, Centros de Acogida, Teatros, Auditorios, Museos, Salas de Conciertos, Iglesias.<\/p>\n\n                    <\/div>\n    <\/div>\n<\/div>[vc_empty_space height=\u00bb40px\u00bb]<div class=\"edgtf-iwt clearfix edgtf-iwt-icon-left edgtf-iwt-icon-tiny\">\n    <div class=\"edgtf-iwt-icon-holder\">\n                    <img width=\"43\" height=\"49\" src=\"https:\/\/www.ergicon.com\/wp-content\/uploads\/2016\/05\/Ergicon_HP_34.jpg\" class=\"attachment-full size-full\" alt=\"\" loading=\"lazy\" \/>            <\/div>\n    <div class=\"edgtf-iwt-content-holder\" style=\"padding-left: 50px\">\n        <div class=\"edgtf-iwt-title-holder\">\n            <h4 style=\"color: #313131\">Rehabilitaci\u00f3n Y Refuerzos Estructurales<\/h4>\n        <\/div>\n        <div class=\"edgtf-iwt-text-holder\">\n            <p >Rehabilitaci\u00f3n de Edificios y Monumentos, Edificios Hist\u00f3rico, Contenci\u00f3n de Fachadas, Refuerzo Estructural de Edificios.<\/p>\n\n                    <\/div>\n    <\/div>\n<\/div>[vc_empty_space height=\u00bb40px\u00bb][\/vc_column][\/vc_row][vc_row][vc_column]<div class=\"edgtf-elements-holder edgtf-two-columns edgtf-responsive-mode-768\" ><div class=\"edgtf-elements-holder-item edgtf-inside-border\"  style=\"border-color:rgba(194,196,200,0.6)\">\n\t<div class=\"edgtf-elements-holder-item-background\" style=\"background-color: #f79423\"><\/div>\n\t<div class=\"edgtf-elements-holder-item-inner\">\n\t\t<div class=\"edgtf-elements-holder-item-content edgtf-elements-holder-custom-644448\" style=\"padding: 13.2% 18% 12% 20.3%\">\n\t\t\t\t\t\t<style type=\"text\/css\" data-type=\"edgtf-elements-custom-padding\" scoped>\n\n\t\t\t\t\t\t\t\t@media only screen and (min-width: 1280px) and (max-width: 1439px) {\n\t\t\t\t\t.edgtf-elements-holder .edgtf-elements-holder-item-content.edgtf-elements-holder-custom-644448 {\n\t\t\t\t\t\tpadding: 13.2% 18% 12% 14.3% !important;\n\t\t\t\t\t}\n\t\t\t\t}\n\t\t\t\t\t\t\t\t\t\t\t\t\t@media only screen and (min-width: 1024px) and (max-width: 1280px) {\n\t\t\t\t\t\t.edgtf-elements-holder .edgtf-elements-holder-item-content.edgtf-elements-holder-custom-644448 {\n\t\t\t\t\t\t\tpadding: 13.2% 11% 12% 12.3%  !important;\n\t\t\t\t\t\t}\n\t\t\t\t\t}\n\t\t\t\t\t\t\t\t\t\t\t\t@media only screen and (min-width: 768px) and (max-width: 1024px) {\n\t\t\t\t\t.edgtf-elements-holder .edgtf-elements-holder-item-content.edgtf-elements-holder-custom-644448 {\n\t\t\t\t\t\tpadding: 10.2% 11% 11% 12.3% !important;\n\t\t\t\t\t}\n\t\t\t\t}\n\t\t\t\t\t\t\t\t\t\t\t\t@media only screen and (min-width: 600px) and (max-width: 768px) {\n\t\t\t\t\t.edgtf-elements-holder .edgtf-elements-holder-item-content.edgtf-elements-holder-custom-644448 {\n\t\t\t\t\t\tpadding: 10.2% 10% 9% 10.3% !important;\n\t\t\t\t\t}\n\t\t\t\t}\n\t\t\t\t\t\t\t\t\t\t\t\t@media only screen and (min-width: 480px) and (max-width: 600px) {\n\t\t\t\t\t.edgtf-elements-holder .edgtf-elements-holder-item-content.edgtf-elements-holder-custom-644448 {\n\t\t\t\t\t\tpadding: 10% 8% 7% 10% !important;\n\t\t\t\t\t}\n\t\t\t\t}\n\t\t\t\t\t\t\t\t\t\t\t\t@media only screen and (max-width: 480px) {\n\t\t\t\t\t.edgtf-elements-holder .edgtf-elements-holder-item-content.edgtf-elements-holder-custom-644448 {\n\t\t\t\t\t\tpadding: 7% 6% 6% 6% !important;\n\t\t\t\t\t}\n\t\t\t\t}\n\t\t\t\t\t\t\t\t<\/style>\n\t\t\t\t\t\t[vc_column_text]<\/p>\n<h2><span style=\"color: #ffffff;\">D\u00f3nde estamos?<\/span><\/h2>\n<p>[\/vc_column_text]<div class=\"edgtf-separator-holder clearfix  edgtf-separator-left\">\n\t<div class=\"edgtf-separator\" style=\"border-color: #e7bd74;border-style: solid;width: 50px;border-bottom-width: 1px;margin-top: 24px;margin-bottom: 25px\"><\/div>\n<\/div>\n[vc_column_text]<span style=\"color: #ffffff;\">El Grupo Ergicon tiene presencia en Portugal Continental e Islas, con sede en el Oporto y delegaciones en Lisboa y Funchal.<\/span><\/p>\n<p><span style=\"color: #ffffff;\">\u00c1reas de actuaci\u00f3n: Construcci\u00f3n, Metalmec\u00e1nica y Log\u00edstica Internacional.<\/span><\/p>\n<p><span style=\"color: #ffffff;\">Tiene presencia tambi\u00e9n en Angola con sede en Luanda y delegaciones en Benguela y Cabinda. El grupo est\u00e1 representado en las Provincias de Malanje, Zaire, Bi\u00e9, Cunene y Kuanza Sul.<\/span><\/p>\n<p><span style=\"color: #ffffff;\">\u00c1reas de actuaci\u00f3n: Construcci\u00f3n, Log\u00edstica Internacional, Instalaciones el\u00e9ctricas, Agricultura \/ Ambiente.<\/span>[\/vc_column_text][vc_empty_space height=\u00bb24px\u00bb][vc_single_image image=\u00bb7839&#8243; img_size=\u00bbfull\u00bb onclick=\u00bbcustom_link\u00bb link=\u00bb\/es\/contactos\/\u00bb]\t\t\t\t\t<\/div>\n\t<\/div>\n<\/div><div class=\"edgtf-elements-holder-item edgtf-horizontal-alignment-center edgtf-inside-border edgtf-animate-image\"  style=\"border-color:rgba(242,242,242,0.64)\">\n\t<div class=\"edgtf-elements-holder-item-background\" style=\"background-image: url(https:\/\/www.ergicon.com\/wp-content\/uploads\/2016\/05\/right-e1487460888135.jpg)\"><\/div>\n\t<div class=\"edgtf-elements-holder-item-inner\">\n\t\t<div class=\"edgtf-elements-holder-item-content edgtf-elements-holder-custom-133447\" style=\"padding: 10% 10% 10% 10%\">\n\t\t\t\t\t\t<style type=\"text\/css\" data-type=\"edgtf-elements-custom-padding\" scoped>\n\n\t\t\t\t\t\t\t\t@media only screen and (min-width: 1280px) and (max-width: 1439px) {\n\t\t\t\t\t.edgtf-elements-holder .edgtf-elements-holder-item-content.edgtf-elements-holder-custom-133447 {\n\t\t\t\t\t\tpadding:  !important;\n\t\t\t\t\t}\n\t\t\t\t}\n\t\t\t\t\t\t\t\t\t\t\t\t\t@media only screen and (min-width: 1024px) and (max-width: 1280px) {\n\t\t\t\t\t\t.edgtf-elements-holder .edgtf-elements-holder-item-content.edgtf-elements-holder-custom-133447 {\n\t\t\t\t\t\t\tpadding:  !important;\n\t\t\t\t\t\t}\n\t\t\t\t\t}\n\t\t\t\t\t\t\t\t\t\t\t\t@media only screen and (min-width: 768px) and (max-width: 1024px) {\n\t\t\t\t\t.edgtf-elements-holder .edgtf-elements-holder-item-content.edgtf-elements-holder-custom-133447 {\n\t\t\t\t\t\tpadding: 27% 0 30% 0 !important;\n\t\t\t\t\t}\n\t\t\t\t}\n\t\t\t\t\t\t\t\t\t\t\t\t@media only screen and (min-width: 600px) and (max-width: 768px) {\n\t\t\t\t\t.edgtf-elements-holder .edgtf-elements-holder-item-content.edgtf-elements-holder-custom-133447 {\n\t\t\t\t\t\tpadding: 27% 0 30% 0 !important;\n\t\t\t\t\t}\n\t\t\t\t}\n\t\t\t\t\t\t\t\t\t\t\t\t@media only screen and (min-width: 480px) and (max-width: 600px) {\n\t\t\t\t\t.edgtf-elements-holder .edgtf-elements-holder-item-content.edgtf-elements-holder-custom-133447 {\n\t\t\t\t\t\tpadding: 27% 0 30% 0 !important;\n\t\t\t\t\t}\n\t\t\t\t}\n\t\t\t\t\t\t\t\t\t\t\t\t@media only screen and (max-width: 480px) {\n\t\t\t\t\t.edgtf-elements-holder .edgtf-elements-holder-item-content.edgtf-elements-holder-custom-133447 {\n\t\t\t\t\t\tpadding: 27% 0 30% 0 !important;\n\t\t\t\t\t}\n\t\t\t\t}\n\t\t\t\t\t\t\t\t<\/style>\n\t\t\t\t\t\t\t\t\t\t\t<\/div>\n\t<\/div>\n<\/div><\/div>[\/vc_column][\/vc_row][vc_row][vc_column]<div class=\"edgtf-elements-holder edgtf-two-columns edgtf-responsive-mode-768\" ><div class=\"edgtf-elements-holder-item edgtf-horizontal-alignment-center edgtf-inside-border edgtf-animate-image\"  style=\"border-color:rgba(242,242,242,0.64)\">\n\t<div class=\"edgtf-elements-holder-item-background\" style=\"background-image: url(https:\/\/www.ergicon.com\/wp-content\/uploads\/2016\/05\/left-e1485085855165.jpg)\"><\/div>\n\t<div class=\"edgtf-elements-holder-item-inner\">\n\t\t<div class=\"edgtf-elements-holder-item-content edgtf-elements-holder-custom-854871\" style=\"padding: 10% 10% 10% 10%\">\n\t\t\t\t\t\t<style type=\"text\/css\" data-type=\"edgtf-elements-custom-padding\" scoped>\n\n\t\t\t\t\t\t\t\t@media only screen and (min-width: 1280px) and (max-width: 1439px) {\n\t\t\t\t\t.edgtf-elements-holder .edgtf-elements-holder-item-content.edgtf-elements-holder-custom-854871 {\n\t\t\t\t\t\tpadding:  !important;\n\t\t\t\t\t}\n\t\t\t\t}\n\t\t\t\t\t\t\t\t\t\t\t\t\t@media only screen and (min-width: 1024px) and (max-width: 1280px) {\n\t\t\t\t\t\t.edgtf-elements-holder .edgtf-elements-holder-item-content.edgtf-elements-holder-custom-854871 {\n\t\t\t\t\t\t\tpadding:  !important;\n\t\t\t\t\t\t}\n\t\t\t\t\t}\n\t\t\t\t\t\t\t\t\t\t\t\t@media only screen and (min-width: 768px) and (max-width: 1024px) {\n\t\t\t\t\t.edgtf-elements-holder .edgtf-elements-holder-item-content.edgtf-elements-holder-custom-854871 {\n\t\t\t\t\t\tpadding: 27% 0 30% 0 !important;\n\t\t\t\t\t}\n\t\t\t\t}\n\t\t\t\t\t\t\t\t\t\t\t\t@media only screen and (min-width: 600px) and (max-width: 768px) {\n\t\t\t\t\t.edgtf-elements-holder .edgtf-elements-holder-item-content.edgtf-elements-holder-custom-854871 {\n\t\t\t\t\t\tpadding: 27% 0 30% 0 !important;\n\t\t\t\t\t}\n\t\t\t\t}\n\t\t\t\t\t\t\t\t\t\t\t\t@media only screen and (min-width: 480px) and (max-width: 600px) {\n\t\t\t\t\t.edgtf-elements-holder .edgtf-elements-holder-item-content.edgtf-elements-holder-custom-854871 {\n\t\t\t\t\t\tpadding: 27% 0 30% 0 !important;\n\t\t\t\t\t}\n\t\t\t\t}\n\t\t\t\t\t\t\t\t\t\t\t\t@media only screen and (max-width: 480px) {\n\t\t\t\t\t.edgtf-elements-holder .edgtf-elements-holder-item-content.edgtf-elements-holder-custom-854871 {\n\t\t\t\t\t\tpadding: 27% 0 30% 0 !important;\n\t\t\t\t\t}\n\t\t\t\t}\n\t\t\t\t\t\t\t\t<\/style>\n\t\t\t\t\t\t\t\t\t\t\t<\/div>\n\t<\/div>\n<\/div><div class=\"edgtf-elements-holder-item edgtf-inside-border\"  style=\"border-color:rgba(194,196,200,0.6)\">\n\t<div class=\"edgtf-elements-holder-item-background\" style=\"background-color: #1d3566\"><\/div>\n\t<div class=\"edgtf-elements-holder-item-inner\">\n\t\t<div class=\"edgtf-elements-holder-item-content edgtf-elements-holder-custom-214610\" style=\"padding: 13.2% 26% 12% 12.3%\">\n\t\t\t\t\t\t<style type=\"text\/css\" data-type=\"edgtf-elements-custom-padding\" scoped>\n\n\t\t\t\t\t\t\t\t@media only screen and (min-width: 1280px) and (max-width: 1439px) {\n\t\t\t\t\t.edgtf-elements-holder .edgtf-elements-holder-item-content.edgtf-elements-holder-custom-214610 {\n\t\t\t\t\t\tpadding: 13.2% 14% 12% 12.3% !important;\n\t\t\t\t\t}\n\t\t\t\t}\n\t\t\t\t\t\t\t\t\t\t\t\t\t@media only screen and (min-width: 1024px) and (max-width: 1280px) {\n\t\t\t\t\t\t.edgtf-elements-holder .edgtf-elements-holder-item-content.edgtf-elements-holder-custom-214610 {\n\t\t\t\t\t\t\tpadding: 13.2% 11% 12% 12.3%  !important;\n\t\t\t\t\t\t}\n\t\t\t\t\t}\n\t\t\t\t\t\t\t\t\t\t\t\t@media only screen and (min-width: 768px) and (max-width: 1024px) {\n\t\t\t\t\t.edgtf-elements-holder .edgtf-elements-holder-item-content.edgtf-elements-holder-custom-214610 {\n\t\t\t\t\t\tpadding: 10.2% 11% 11% 12.3% !important;\n\t\t\t\t\t}\n\t\t\t\t}\n\t\t\t\t\t\t\t\t\t\t\t\t@media only screen and (min-width: 600px) and (max-width: 768px) {\n\t\t\t\t\t.edgtf-elements-holder .edgtf-elements-holder-item-content.edgtf-elements-holder-custom-214610 {\n\t\t\t\t\t\tpadding: 10.2% 10% 9% 10.3% !important;\n\t\t\t\t\t}\n\t\t\t\t}\n\t\t\t\t\t\t\t\t\t\t\t\t@media only screen and (min-width: 480px) and (max-width: 600px) {\n\t\t\t\t\t.edgtf-elements-holder .edgtf-elements-holder-item-content.edgtf-elements-holder-custom-214610 {\n\t\t\t\t\t\tpadding: 10% 8% 7% 10% !important;\n\t\t\t\t\t}\n\t\t\t\t}\n\t\t\t\t\t\t\t\t\t\t\t\t@media only screen and (max-width: 480px) {\n\t\t\t\t\t.edgtf-elements-holder .edgtf-elements-holder-item-content.edgtf-elements-holder-custom-214610 {\n\t\t\t\t\t\tpadding: 7% 6% 6% 6% !important;\n\t\t\t\t\t}\n\t\t\t\t}\n\t\t\t\t\t\t\t\t<\/style>\n\t\t\t\t\t\t[vc_column_text]<\/p>\n<h2><span style=\"color: #ffffff;\">Nuestro Equipo<\/span><\/h2>\n<p>[\/vc_column_text]<div class=\"edgtf-separator-holder clearfix  edgtf-separator-left\">\n\t<div class=\"edgtf-separator\" style=\"border-color: #e7bd74;border-style: solid;width: 50px;border-bottom-width: 1px;margin-top: 24px;margin-bottom: 25px\"><\/div>\n<\/div>\n[vc_column_text]<span style=\"color: #ffffff;\">En un entorno socioecon\u00f3mico cada vez m\u00e1s competitivo, din\u00e1mico y global, consideramos el capital humano como el valor m\u00e1s precioso, reconociendo su factor cr\u00edtico y decisivo para el suceso y desarrollo sustentado de la organizaci\u00f3n, as\u00ed como el esp\u00edritu de equipo y la motivaci\u00f3n general de los trabajadores como factores esenciales para el buen funcionamiento de las empresas. Destacamos la formaci\u00f3n y evoluci\u00f3n continua como principios fundamentales de satisfacci\u00f3n, contribuyendo para el bienestar y desarrollo personal y profesional de cada uno de los nuestros.<\/span><\/p>\n<p><span style=\"color: #ffffff;\">Creemos que el resultado de estos factores aporta de un modo continuo e irreversible la manutenci\u00f3n de un esp\u00edritu de equipo fuerte y cada vez m\u00e1s grande \u201cOrgullo en ser Ergicon\u201d<\/span>[\/vc_column_text][vc_empty_space height=\u00bb24px\u00bb]\t\t\t\t\t<\/div>\n\t<\/div>\n<\/div><\/div>[\/vc_column][\/vc_row][vc_row disable_element=\u00bbyes\u00bb content_width=\u00bbgrid\u00bb content_aligment=\u00bbcenter\u00bb css=\u00bb.vc_custom_1487260181173{padding-top: 104px !important;padding-bottom: 69px !important;}\u00bb][vc_column][vc_column_text]<\/p>\n<h2>Not\u00edcias<\/h2>\n<p>[\/vc_column_text][vc_empty_space height=\u00bb15px\u00bb]\n<p class=\"edgtf-section-subtitle vc_custom_1481567897551\" style=\"text-align:center\">\n\tA empresa vocacionada para a Engenharia,Constru\u00e7\u00e3o e Obras P\u00fablicas, surge da vontade e persist\u00eancia do seu fundador.<\/p><div class=\"edgtf-separator-holder clearfix  edgtf-separator-center\">\n\t<div class=\"edgtf-separator\" style=\"border-color: #e7bd74;border-style: solid;width: 50px;border-bottom-width: 1px;margin-top: 16px;margin-bottom: 16px\"><\/div>\n<\/div>\n[\/vc_column][\/vc_row][vc_row disable_element=\u00bbyes\u00bb content_width=\u00bbgrid\u00bb css=\u00bb.vc_custom_1487260195305{padding-bottom: 76px !important;}\u00bb][vc_column css=\u00bb.vc_custom_1481459828180{background-color: #ffffff !important;}\u00bb]<div class=\"edgtf-blog-list-holder edgtf-boxes edgtf-three-columns\">\n\t<ul class=\"edgtf-blog-list\">\n\t<li class=\"edgtf-blog-list-item clearfix\">\n\t<div class=\"edgtf-blog-list-item-inner\">\n\t\t<div class=\"edgtf-item-image\">\n\t\t\t<a href=\"https:\/\/www.ergicon.com\/es\/projecto-palanca-prade\/\">\n\t\t\t\t<img width=\"415\" height=\"313\" src=\"https:\/\/www.ergicon.com\/wp-content\/uploads\/2016\/12\/blog_1-1.jpg\" class=\"attachment-full size-full wp-post-image\" alt=\"\" loading=\"lazy\" srcset=\"https:\/\/www.ergicon.com\/wp-content\/uploads\/2016\/12\/blog_1-1.jpg 415w, https:\/\/www.ergicon.com\/wp-content\/uploads\/2016\/12\/blog_1-1-300x226.jpg 300w\" sizes=\"(max-width: 415px) 100vw, 415px\" \/>\t\t\t\t\n\t\t\t<\/a>\n\t\t<\/div>\n\t\t<div class=\"edgtf-item-text-holder\">\n\t\t\t<h3 class=\"edgtf-item-title\">\n\t\t\t\t<a href=\"https:\/\/www.ergicon.com\/es\/projecto-palanca-prade\/\" >\n\t\t\t\t\tPALANCA PARADE\t\t\t\t<\/a>\n\t\t\t<\/h3>\n\t\t\t\n\t\t\t<div class=\"edgtf-item-info-section\">\n\t\t\t\t<div class=\"edgtf-post-info-author\">por\t<a class=\"edgtf-post-info-author-link\" href=\"https:\/\/www.ergicon.com\/es\/author\/admin\/\">\n\t\tadmin\t<\/a>\n<\/div><div class=\"edgtf-post-info-category\">\n\t<a href=\"https:\/\/www.ergicon.com\/es\/category\/responsabilidade-social-es\/\" rel=\"category tag\">Responsabilidad Social<\/a>, <a href=\"https:\/\/www.ergicon.com\/es\/category\/sin-categorizar\/\" rel=\"category tag\">Sin categorizar<\/a><\/div><div class=\"edgtf-post-info-date\">\n\t\t\tdiciembre 16, 2016\t<\/div>\t\t\t<\/div>\n\t\t\t\n\t\t\t\t\t\t\t<p class=\"edgtf-excerpt\">Palanca Parade es la primera edici\u00f3n de un acontecimiento innovador de la Original Foundation, una fundaci\u00f3n creada por la Original Brands, que a trav\u00e9s de la palanca negra, s\u00ed...<\/p>\n\t\t\t\t\t\t<a href=\"https:\/\/www.ergicon.com\/es\/projecto-palanca-prade\/\" target=\"_self\"  class=\"edgtf-btn edgtf-btn-medium edgtf-btn-transparent edgtf-btn-icon edgtf-blog-list-read-more\"  >    <span class=\"edgtf-btn-text\">Leer m\u00e1s<\/span><span aria-hidden=\"true\" class=\"edgtf-icon-font-elegant arrow_right edgtf-btn-icon-holder\" style=\"\" ><\/span>    <span class=\"edgtf-btn-background-holder\" ><\/span>    <span class=\"edgtf-btn-background-hover-holder\" ><\/span><\/a>\t\t<\/div>\n\t<\/div>\t\n<\/li><li class=\"edgtf-blog-list-item clearfix\">\n\t<div class=\"edgtf-blog-list-item-inner\">\n\t\t<div class=\"edgtf-item-image\">\n\t\t\t<a href=\"https:\/\/www.ergicon.com\/es\/aldeia-das-artes\/\">\n\t\t\t\t<img width=\"415\" height=\"313\" src=\"https:\/\/www.ergicon.com\/wp-content\/uploads\/2016\/12\/blog_3-1.jpg\" class=\"attachment-full size-full wp-post-image\" alt=\"\" loading=\"lazy\" srcset=\"https:\/\/www.ergicon.com\/wp-content\/uploads\/2016\/12\/blog_3-1.jpg 415w, https:\/\/www.ergicon.com\/wp-content\/uploads\/2016\/12\/blog_3-1-300x226.jpg 300w\" sizes=\"(max-width: 415px) 100vw, 415px\" \/>\t\t\t\t\n\t\t\t<\/a>\n\t\t<\/div>\n\t\t<div class=\"edgtf-item-text-holder\">\n\t\t\t<h3 class=\"edgtf-item-title\">\n\t\t\t\t<a href=\"https:\/\/www.ergicon.com\/es\/aldeia-das-artes\/\" >\n\t\t\t\t\tNI\u00d1OS DEL MUSSULO\t\t\t\t<\/a>\n\t\t\t<\/h3>\n\t\t\t\n\t\t\t<div class=\"edgtf-item-info-section\">\n\t\t\t\t<div class=\"edgtf-post-info-author\">por\t<a class=\"edgtf-post-info-author-link\" href=\"https:\/\/www.ergicon.com\/es\/author\/admin\/\">\n\t\tadmin\t<\/a>\n<\/div><div class=\"edgtf-post-info-category\">\n\t<a href=\"https:\/\/www.ergicon.com\/es\/category\/responsabilidade-social-es\/\" rel=\"category tag\">Responsabilidad Social<\/a>, <a href=\"https:\/\/www.ergicon.com\/es\/category\/sin-categorizar\/\" rel=\"category tag\">Sin categorizar<\/a><\/div><div class=\"edgtf-post-info-date\">\n\t\t\tdiciembre 16, 2016\t<\/div>\t\t\t<\/div>\n\t\t\t\n\t\t\t\t\t\t\t<p class=\"edgtf-excerpt\">Otra de las iniciativas en las que ERGICON tiene un rol importante es la Aldeia das Artes \u2013 Meninos do Mussolo. La Aldeia das artes es una iniciativa sin fin de lucro, y tiene co...<\/p>\n\t\t\t\t\t\t<a href=\"https:\/\/www.ergicon.com\/es\/aldeia-das-artes\/\" target=\"_self\"  class=\"edgtf-btn edgtf-btn-medium edgtf-btn-transparent edgtf-btn-icon edgtf-blog-list-read-more\"  >    <span class=\"edgtf-btn-text\">Leer m\u00e1s<\/span><span aria-hidden=\"true\" class=\"edgtf-icon-font-elegant arrow_right edgtf-btn-icon-holder\" style=\"\" ><\/span>    <span class=\"edgtf-btn-background-holder\" ><\/span>    <span class=\"edgtf-btn-background-hover-holder\" ><\/span><\/a>\t\t<\/div>\n\t<\/div>\t\n<\/li><li class=\"edgtf-blog-list-item clearfix\">\n\t<div class=\"edgtf-blog-list-item-inner\">\n\t\t<div class=\"edgtf-item-image\">\n\t\t\t<a href=\"https:\/\/www.ergicon.com\/es\/aldeia-das-artes-2\/\">\n\t\t\t\t<img width=\"601\" height=\"801\" src=\"https:\/\/www.ergicon.com\/wp-content\/uploads\/2016\/12\/Aldeia-das-Artes-Juntos-Vamos-para-a-Escola-1.png\" class=\"attachment-full size-full wp-post-image\" alt=\"\" loading=\"lazy\" srcset=\"https:\/\/www.ergicon.com\/wp-content\/uploads\/2016\/12\/Aldeia-das-Artes-Juntos-Vamos-para-a-Escola-1.png 601w, https:\/\/www.ergicon.com\/wp-content\/uploads\/2016\/12\/Aldeia-das-Artes-Juntos-Vamos-para-a-Escola-1-225x300.png 225w, https:\/\/www.ergicon.com\/wp-content\/uploads\/2016\/12\/Aldeia-das-Artes-Juntos-Vamos-para-a-Escola-1-600x800.png 600w\" sizes=\"(max-width: 601px) 100vw, 601px\" \/>\t\t\t\t\n\t\t\t<\/a>\n\t\t<\/div>\n\t\t<div class=\"edgtf-item-text-holder\">\n\t\t\t<h3 class=\"edgtf-item-title\">\n\t\t\t\t<a href=\"https:\/\/www.ergicon.com\/es\/aldeia-das-artes-2\/\" >\n\t\t\t\t\tNOS VAMOS JUNTOS A LA ESCUELA\t\t\t\t<\/a>\n\t\t\t<\/h3>\n\t\t\t\n\t\t\t<div class=\"edgtf-item-info-section\">\n\t\t\t\t<div class=\"edgtf-post-info-author\">por\t<a class=\"edgtf-post-info-author-link\" href=\"https:\/\/www.ergicon.com\/es\/author\/admin\/\">\n\t\tadmin\t<\/a>\n<\/div><div class=\"edgtf-post-info-category\">\n\t<a href=\"https:\/\/www.ergicon.com\/es\/category\/responsabilidade-social-es\/\" rel=\"category tag\">Responsabilidad Social<\/a>, <a href=\"https:\/\/www.ergicon.com\/es\/category\/sin-categorizar\/\" rel=\"category tag\">Sin categorizar<\/a><\/div><div class=\"edgtf-post-info-date\">\n\t\t\tdiciembre 16, 2016\t<\/div>\t\t\t<\/div>\n\t\t\t\n\t\t\t\t\t\t\t<p class=\"edgtf-excerpt\">Ubicado en el Mussulo Centro, el proyecto Aldeia das Artes \u2013 Meninos do Mussulo, se inici\u00f3 en Mayo del 2015 con la recogida de material escolar \u201cJuntos vamos para a escola\u201d,...<\/p>\n\t\t\t\t\t\t<a href=\"https:\/\/www.ergicon.com\/es\/aldeia-das-artes-2\/\" target=\"_self\"  class=\"edgtf-btn edgtf-btn-medium edgtf-btn-transparent edgtf-btn-icon edgtf-blog-list-read-more\"  >    <span class=\"edgtf-btn-text\">Leer m\u00e1s<\/span><span aria-hidden=\"true\" class=\"edgtf-icon-font-elegant arrow_right edgtf-btn-icon-holder\" style=\"\" ><\/span>    <span class=\"edgtf-btn-background-holder\" ><\/span>    <span class=\"edgtf-btn-background-hover-holder\" ><\/span><\/a>\t\t<\/div>\n\t<\/div>\t\n<\/li>\t<\/ul>\t\n<\/div>\n[\/vc_column][\/vc_row]<\/p>\n","protected":false},"excerpt":{"rendered":"<p>[vc_row][vc_column][rev_slider_vc alias=\u00bbbuilding-es\u00bb][\/vc_column][\/vc_row][vc_row content_width=\u00bbgrid\u00bb css=\u00bb.vc_custom_1481568177668{padding-bottom: 60px !important;}\u00bb][vc_column css=\u00bb.vc_custom_1481459034052{padding-top: 97px !important;}\u00bb][vc_row_inner][vc_column_inner width=\u00bb1\/2&#8243;][vc_column_text] Qui\u00e9nes Somos [\/vc_column_text][vc_empty_space height=\u00bb15px\u00bb][vc_column_text]ERGICON surge como resultado de una reestructuraci\u00f3n accionarial de su predecesor ACTICON &#8211; Engenharia e Constru\u00e7\u00e3o, que hab\u00eda empezado su actividad en 2010. Igualmente con vocaci\u00f3n para la Enge\u00f1ar\u00eda, Construcci\u00f3n y Obras&#8230;<\/p>\n","protected":false},"author":1,"featured_media":0,"parent":0,"menu_order":3,"comment_status":"open","ping_status":"closed","template":"full-width.php","meta":{"_mi_skip_tracking":false},"yoast_head":"<!-- This site is optimized with the Yoast SEO plugin v18.9 - https:\/\/yoast.com\/wordpress\/plugins\/seo\/ -->\r\n<title>Homepage - ERGICON<\/title>\r\n<meta name=\"robots\" content=\"index, follow, max-snippet:-1, max-image-preview:large, max-video-preview:-1\" \/>\r\n<link rel=\"canonical\" href=\"https:\/\/www.ergicon.com\/es\/\" \/>\r\n<meta property=\"og:locale\" content=\"es_ES\" \/>\r\n<meta property=\"og:type\" content=\"article\" \/>\r\n<meta property=\"og:title\" content=\"Homepage - ERGICON\" \/>\r\n<meta property=\"og:description\" content=\"[vc_row][vc_column][rev_slider_vc alias=\u00bbbuilding-es\u00bb][\/vc_column][\/vc_row][vc_row content_width=\u00bbgrid\u00bb css=\u00bb.vc_custom_1481568177668{padding-bottom: 60px !important;}\u00bb][vc_column css=\u00bb.vc_custom_1481459034052{padding-top: 97px !important;}\u00bb][vc_row_inner][vc_column_inner width=\u00bb1\/2&#8243;][vc_column_text] Qui\u00e9nes Somos [\/vc_column_text][vc_empty_space height=\u00bb15px\u00bb][vc_column_text]ERGICON surge como resultado de una reestructuraci\u00f3n accionarial de su predecesor ACTICON &#8211; Engenharia e Constru\u00e7\u00e3o, que hab\u00eda empezado su actividad en 2010. Igualmente con vocaci\u00f3n para la Enge\u00f1ar\u00eda, Construcci\u00f3n y Obras...\" \/>\r\n<meta property=\"og:url\" content=\"https:\/\/www.ergicon.com\/es\/\" \/>\r\n<meta property=\"og:site_name\" content=\"ERGICON\" \/>\r\n<meta property=\"article:modified_time\" content=\"2017-03-17T17:14:41+00:00\" \/>\r\n<meta name=\"twitter:card\" content=\"summary_large_image\" \/>\r\n<meta name=\"twitter:label1\" content=\"Tiempo de lectura\" \/>\n\t<meta name=\"twitter:data1\" content=\"8 minutos\" \/>\r\n<script type=\"application\/ld+json\" class=\"yoast-schema-graph\">{\"@context\":\"https:\/\/schema.org\",\"@graph\":[{\"@type\":\"WebSite\",\"@id\":\"https:\/\/www.ergicon.com\/#website\",\"url\":\"https:\/\/www.ergicon.com\/\",\"name\":\"ERGICON\",\"description\":\"Engenharia, Constru\u00e7\u00e3o e Obras P\u00fablicas\",\"potentialAction\":[{\"@type\":\"SearchAction\",\"target\":{\"@type\":\"EntryPoint\",\"urlTemplate\":\"https:\/\/www.ergicon.com\/?s={search_term_string}\"},\"query-input\":\"required name=search_term_string\"}],\"inLanguage\":\"es\"},{\"@type\":\"WebPage\",\"@id\":\"https:\/\/www.ergicon.com\/es\/#webpage\",\"url\":\"https:\/\/www.ergicon.com\/es\/\",\"name\":\"Homepage - ERGICON\",\"isPartOf\":{\"@id\":\"https:\/\/www.ergicon.com\/#website\"},\"datePublished\":\"2016-05-25T12:12:45+00:00\",\"dateModified\":\"2017-03-17T17:14:41+00:00\",\"breadcrumb\":{\"@id\":\"https:\/\/www.ergicon.com\/es\/#breadcrumb\"},\"inLanguage\":\"es\",\"potentialAction\":[{\"@type\":\"ReadAction\",\"target\":[\"https:\/\/www.ergicon.com\/es\/\"]}]},{\"@type\":\"BreadcrumbList\",\"@id\":\"https:\/\/www.ergicon.com\/es\/#breadcrumb\",\"itemListElement\":[{\"@type\":\"ListItem\",\"position\":1,\"name\":\"In\u00edcio\",\"item\":\"https:\/\/www.ergicon.com\/es\/\"},{\"@type\":\"ListItem\",\"position\":2,\"name\":\"Homepage\"}]}]}<\/script>\r\n<!-- \/ Yoast SEO plugin. -->","yoast_head_json":{"title":"Homepage - ERGICON","robots":{"index":"index","follow":"follow","max-snippet":"max-snippet:-1","max-image-preview":"max-image-preview:large","max-video-preview":"max-video-preview:-1"},"canonical":"https:\/\/www.ergicon.com\/es\/","og_locale":"es_ES","og_type":"article","og_title":"Homepage - ERGICON","og_description":"[vc_row][vc_column][rev_slider_vc alias=\u00bbbuilding-es\u00bb][\/vc_column][\/vc_row][vc_row content_width=\u00bbgrid\u00bb css=\u00bb.vc_custom_1481568177668{padding-bottom: 60px !important;}\u00bb][vc_column css=\u00bb.vc_custom_1481459034052{padding-top: 97px !important;}\u00bb][vc_row_inner][vc_column_inner width=\u00bb1\/2&#8243;][vc_column_text] Qui\u00e9nes Somos [\/vc_column_text][vc_empty_space height=\u00bb15px\u00bb][vc_column_text]ERGICON surge como resultado de una reestructuraci\u00f3n accionarial de su predecesor ACTICON &#8211; Engenharia e Constru\u00e7\u00e3o, que hab\u00eda empezado su actividad en 2010. Igualmente con vocaci\u00f3n para la Enge\u00f1ar\u00eda, Construcci\u00f3n y Obras...","og_url":"https:\/\/www.ergicon.com\/es\/","og_site_name":"ERGICON","article_modified_time":"2017-03-17T17:14:41+00:00","twitter_card":"summary_large_image","twitter_misc":{"Tiempo de lectura":"8 minutos"},"schema":{"@context":"https:\/\/schema.org","@graph":[{"@type":"WebSite","@id":"https:\/\/www.ergicon.com\/#website","url":"https:\/\/www.ergicon.com\/","name":"ERGICON","description":"Engenharia, Constru\u00e7\u00e3o e Obras P\u00fablicas","potentialAction":[{"@type":"SearchAction","target":{"@type":"EntryPoint","urlTemplate":"https:\/\/www.ergicon.com\/?s={search_term_string}"},"query-input":"required name=search_term_string"}],"inLanguage":"es"},{"@type":"WebPage","@id":"https:\/\/www.ergicon.com\/es\/#webpage","url":"https:\/\/www.ergicon.com\/es\/","name":"Homepage - ERGICON","isPartOf":{"@id":"https:\/\/www.ergicon.com\/#website"},"datePublished":"2016-05-25T12:12:45+00:00","dateModified":"2017-03-17T17:14:41+00:00","breadcrumb":{"@id":"https:\/\/www.ergicon.com\/es\/#breadcrumb"},"inLanguage":"es","potentialAction":[{"@type":"ReadAction","target":["https:\/\/www.ergicon.com\/es\/"]}]},{"@type":"BreadcrumbList","@id":"https:\/\/www.ergicon.com\/es\/#breadcrumb","itemListElement":[{"@type":"ListItem","position":1,"name":"In\u00edcio","item":"https:\/\/www.ergicon.com\/es\/"},{"@type":"ListItem","position":2,"name":"Homepage"}]}]}},"_links":{"self":[{"href":"https:\/\/www.ergicon.com\/es\/wp-json\/wp\/v2\/pages\/7272"}],"collection":[{"href":"https:\/\/www.ergicon.com\/es\/wp-json\/wp\/v2\/pages"}],"about":[{"href":"https:\/\/www.ergicon.com\/es\/wp-json\/wp\/v2\/types\/page"}],"author":[{"embeddable":true,"href":"https:\/\/www.ergicon.com\/es\/wp-json\/wp\/v2\/users\/1"}],"replies":[{"embeddable":true,"href":"https:\/\/www.ergicon.com\/es\/wp-json\/wp\/v2\/comments?post=7272"}],"version-history":[{"count":9,"href":"https:\/\/www.ergicon.com\/es\/wp-json\/wp\/v2\/pages\/7272\/revisions"}],"predecessor-version":[{"id":7843,"href":"https:\/\/www.ergicon.com\/es\/wp-json\/wp\/v2\/pages\/7272\/revisions\/7843"}],"wp:attachment":[{"href":"https:\/\/www.ergicon.com\/es\/wp-json\/wp\/v2\/media?parent=7272"}],"curies":[{"name":"wp","href":"https:\/\/api.w.org\/{rel}","templated":true}]}}